{"id":912,"date":"2024-07-24T11:37:53","date_gmt":"2024-07-24T11:37:53","guid":{"rendered":"http:\/\/nouveausiteintegragen2.local\/?page_id=912"},"modified":"2024-09-04T13:37:30","modified_gmt":"2024-09-04T13:37:30","slug":"notre-equipe-dirigeante","status":"publish","type":"page","link":"https:\/\/integragen.com\/en\/a-propos-de-nous\/notre-equipe-dirigeante\/","title":{"rendered":"Our Management Team"},"content":{"rendered":"<div class=\"wp-block-group is-layout-constrained wp-container-core-group-is-layout-7a3688e9 wp-block-group-is-layout-constrained\">\n<div class=\"wp-block-group alignfull cozy-block-pattern__post-six has-background is-layout-constrained wp-container-core-group-is-layout-c7e417db wp-block-group-is-layout-constrained\" style=\"background-color:#fffffe;margin-top:0;margin-bottom:0;padding-top:var(--wp--preset--spacing--80);padding-right:0;padding-bottom:var(--wp--preset--spacing--80);padding-left:0\">\n<div class=\"wp-block-group is-layout-constrained wp-container-core-group-is-layout-12243e0f wp-block-group-is-layout-constrained\" style=\"border-bottom-color:#d9dddc;border-bottom-width:1px\">\n<div class=\"wp-block-group is-content-justification-center is-layout-constrained wp-container-core-group-is-layout-17170320 wp-block-group-is-layout-constrained\" style=\"margin-top:0;margin-bottom:0;padding-right:16px;padding-bottom:26px;padding-left:16px\">\n<h2 class=\"wp-block-heading has-text-align-center\">Our Management Team<\/h2>\n<\/div>\n<\/div>\n\n\n\n<div class=\"wp-block-group is-layout-constrained wp-container-core-group-is-layout-cc6471b1 wp-block-group-is-layout-constrained\">\n<div style=\"height:107px\" aria-hidden=\"true\" class=\"wp-block-spacer\"><\/div>\n<\/div>\n\n\n\n<div class=\"wp-block-group is-layout-constrained wp-container-core-group-is-layout-e197505c wp-block-group-is-layout-constrained cozy-animation__initialized\" data-aos=\"fade-up\" data-aos-easing=\"ease-in\" data-aos-anchor-placement=\"top-bottom\" data-aos-duration=\"600\" style=\"margin-top:0;margin-bottom:0;padding-top:36px;padding-right:16px;padding-bottom:0;padding-left:16px\">\n<div class=\"wp-block-group alignfull is-layout-constrained wp-container-core-group-is-layout-12243e0f wp-block-group-is-layout-constrained\">\n<div class=\"wp-block-group alignfull is-layout-grid wp-container-core-group-is-layout-7a2d00a7 wp-block-group-is-layout-grid\">\n<div class=\"wp-block-group wp-container-content-dd56bb82 is-vertical is-content-justification-center is-layout-flex wp-container-core-group-is-layout-ce155fab wp-block-group-is-layout-flex\">\n<figure class=\"wp-block-image size-full cozy-animation__initialized\" data-aos=\"zoom-in\" data-aos-easing=\"ease-in\" data-aos-anchor-placement=\"top-bottom\" data-aos-duration=\"600\"><a href=\"\/en\/a-popos-de-nous\/notre-equipe-dirigeante\/bernard-courtieu\/\"><img loading=\"lazy\" decoding=\"async\" width=\"284\" height=\"284\" src=\"https:\/\/negargetni.com\/wp-content\/uploads\/2024\/07\/Image1.jpg\" alt=\"\" class=\"wp-image-1101\"\/><\/a><\/figure>\n\n\n\n<h5 class=\"wp-block-heading has-text-align-center\"><strong>Bernard Courtieu,<\/strong>General Manager<\/h5>\n<\/div>\n\n\n\n<div class=\"wp-block-group wp-container-content-dd56bb82 is-vertical is-content-justification-center is-layout-flex wp-container-core-group-is-layout-0154d0b4 wp-block-group-is-layout-flex\">\n<figure class=\"wp-block-image size-full cozy-animation__initialized\" data-aos=\"zoom-in\" data-aos-easing=\"ease-in\" data-aos-anchor-placement=\"top-bottom\" data-aos-duration=\"600\"><a href=\"\/en\/a-popos-de-nous\/notre-equipe-dirigeante\/virginie-de-coster\/\"><img loading=\"lazy\" decoding=\"async\" width=\"235\" height=\"235\" src=\"https:\/\/negargetni.com\/wp-content\/uploads\/2024\/07\/Image2.jpg\" alt=\"\" class=\"wp-image-1104\"\/><\/a><\/figure>\n\n\n\n<h5 class=\"wp-block-heading has-text-align-center\"><strong>Virginie de Coster,<\/strong>Chief Financial Officer<\/h5>\n<\/div>\n\n\n\n<div class=\"wp-block-group wp-container-content-dd56bb82 is-vertical is-content-justification-center is-layout-flex wp-container-core-group-is-layout-ce155fab wp-block-group-is-layout-flex\">\n<figure class=\"wp-block-image size-full is-resized cozy-animation__initialized\" data-aos=\"zoom-in\" data-aos-easing=\"ease-in\" data-aos-anchor-placement=\"top-bottom\" data-aos-duration=\"600\"><a href=\"\/en\/a-propos-de-nous\/notre-equipe-dirigeante\/berengere-genin\/\"><img loading=\"lazy\" decoding=\"async\" width=\"221\" height=\"279\" src=\"https:\/\/negargetni.com\/wp-content\/uploads\/2024\/09\/Image-1-2.jpg\" alt=\"\" class=\"wp-image-2829\" style=\"width:219px;height:auto\" srcset=\"https:\/\/integragen.com\/wp-content\/uploads\/2024\/09\/Image-1-2.jpg 221w, https:\/\/integragen.com\/wp-content\/uploads\/2024\/09\/Image-1-2-10x12.jpg 10w\" sizes=\"auto, (max-width: 221px) 100vw, 221px\" \/><\/a><\/figure>\n\n\n\n<h5 class=\"wp-block-heading has-text-align-center\"><strong>B\u00e9reng\u00e8re G\u00e9nin,<\/strong>Chief Operating Officer &amp; Commercial Officer<\/h5>\n<\/div>\n<\/div>\n<\/div>\n<\/div>\n\n\n\n<div class=\"wp-block-group is-layout-constrained wp-container-core-group-is-layout-cc6471b1 wp-block-group-is-layout-constrained\">\n<div style=\"height:107px\" aria-hidden=\"true\" class=\"wp-block-spacer\"><\/div>\n<\/div>\n\n\n\n<div class=\"wp-block-group is-layout-constrained wp-container-core-group-is-layout-e197505c wp-block-group-is-layout-constrained cozy-animation__initialized\" data-aos=\"fade-up\" data-aos-easing=\"ease-in\" data-aos-anchor-placement=\"top-bottom\" data-aos-duration=\"600\" style=\"margin-top:0;margin-bottom:0;padding-top:36px;padding-right:16px;padding-bottom:0;padding-left:16px\">\n<div class=\"wp-block-group alignfull is-layout-constrained wp-container-core-group-is-layout-12243e0f wp-block-group-is-layout-constrained\">\n<div class=\"wp-block-group alignfull is-layout-grid wp-container-core-group-is-layout-7a2d00a7 wp-block-group-is-layout-grid\">\n<div class=\"wp-block-group wp-container-content-dd56bb82 is-vertical is-content-justification-center is-layout-flex wp-container-core-group-is-layout-ce155fab wp-block-group-is-layout-flex\">\n<figure class=\"wp-block-image size-full is-resized cozy-animation__initialized\" data-aos=\"zoom-in\" data-aos-easing=\"ease-in\" data-aos-anchor-placement=\"top-bottom\" data-aos-duration=\"600\"><a href=\"\/en\/a-propos-de-nous\/notre-equipe-dirigeante\/celine-capera\/\"><img loading=\"lazy\" decoding=\"async\" width=\"180\" height=\"245\" src=\"https:\/\/negargetni.com\/wp-content\/uploads\/2024\/09\/Image.jpg\" alt=\"\" class=\"wp-image-2814\" style=\"width:170px;height:auto\" srcset=\"https:\/\/integragen.com\/wp-content\/uploads\/2024\/09\/Image.jpg 180w, https:\/\/integragen.com\/wp-content\/uploads\/2024\/09\/Image-9x12.jpg 9w\" sizes=\"auto, (max-width: 180px) 100vw, 180px\" \/><\/a><\/figure>\n\n\n\n<h5 class=\"wp-block-heading has-text-align-center\"><strong>C\u00e9line Cap\u00e9ra,<\/strong>Sales Manager<\/h5>\n<\/div>\n\n\n\n<div class=\"wp-block-group wp-container-content-dd56bb82 is-vertical is-content-justification-center is-layout-flex wp-container-core-group-is-layout-0154d0b4 wp-block-group-is-layout-flex\">\n<figure class=\"wp-block-image size-full is-resized cozy-animation__initialized\" data-aos=\"zoom-in\" data-aos-easing=\"ease-in\" data-aos-anchor-placement=\"top-bottom\" data-aos-duration=\"600\"><a href=\"\/en\/a-propos-de-nous\/notre-equipe-dirigeante\/severine-martin-lanneree\/\"><img loading=\"lazy\" decoding=\"async\" width=\"84\" height=\"100\" src=\"https:\/\/negargetni.com\/wp-content\/uploads\/2024\/09\/Image-2.jpg\" alt=\"\" class=\"wp-image-2824\" style=\"object-fit:cover;width:197px;height:auto\" srcset=\"https:\/\/integragen.com\/wp-content\/uploads\/2024\/09\/Image-2.jpg 84w, https:\/\/integragen.com\/wp-content\/uploads\/2024\/09\/Image-2-10x12.jpg 10w\" sizes=\"auto, (max-width: 84px) 100vw, 84px\" \/><\/a><\/figure>\n\n\n\n<h5 class=\"wp-block-heading has-text-align-center\"><strong>S\u00e9verine Martin-Lanner\u00e9e,<\/strong>QA Department Manager<\/h5>\n<\/div>\n\n\n\n<div class=\"wp-block-group wp-container-content-dd56bb82 is-vertical is-content-justification-center is-layout-flex wp-container-core-group-is-layout-ce155fab wp-block-group-is-layout-flex\">\n<figure class=\"wp-block-image size-full is-resized cozy-animation__initialized\" data-aos=\"zoom-in\" data-aos-easing=\"ease-in\" data-aos-anchor-placement=\"top-bottom\" data-aos-duration=\"600\"><a href=\"\/en\/a-propos-de-nous\/notre-equipe-dirigeante\/beatrice-cosperec\/\"><img loading=\"lazy\" decoding=\"async\" width=\"187\" height=\"217\" src=\"https:\/\/negargetni.com\/wp-content\/uploads\/2024\/09\/Image-3.jpg\" alt=\"\" class=\"wp-image-2830\" style=\"width:203px;height:auto\" srcset=\"https:\/\/integragen.com\/wp-content\/uploads\/2024\/09\/Image-3.jpg 187w, https:\/\/integragen.com\/wp-content\/uploads\/2024\/09\/Image-3-10x12.jpg 10w\" sizes=\"auto, (max-width: 187px) 100vw, 187px\" \/><\/a><\/figure>\n\n\n\n<h5 class=\"wp-block-heading has-text-align-center\"><strong>B\u00e9atrice Cosperec,<\/strong>Legal Manager<\/h5>\n<\/div>\n<\/div>\n<\/div>\n<\/div>\n\n\n\n<div style=\"height:191px\" aria-hidden=\"true\" class=\"wp-block-spacer\"><\/div>\n<\/div>\n<\/div>","protected":false},"excerpt":{"rendered":"<p>Our Management Team Bernard Courtieu, Managing Director Virginie de Coster, Financial Director B\u00e9reng\u00e8re G\u00e9nin, Operations Director C\u00e9line Cap\u00e9ra, Sales Manager S\u00e9verine Martin-Lanner\u00e9e, QA Department Manager B\u00e9atrice Cosperec, Legal Manager<\/p>","protected":false},"author":1,"featured_media":0,"parent":28,"menu_order":2,"comment_status":"closed","ping_status":"closed","template":"fullwidth-page-template","meta":{"ca_portfolio_gallery_project_year":"","ca_portfolio_gallery_client":"","ca_portfolio_gallery_skills":"","ca_portfolio_gallery_url":"","ca_portfolio_gallery_images":"","_eb_attr":"","footnotes":""},"class_list":["post-912","page","type-page","status-publish","hentry"],"yoast_head":"<!-- This site is optimized with the Yoast SEO plugin v27.5 - https:\/\/yoast.com\/product\/yoast-seo-wordpress\/ -->\n<title>Notre Equipe Dirigeante &#8211; IntegraGen<\/title>\n<meta name=\"robots\" content=\"index, follow, max-snippet:-1, max-image-preview:large, max-video-preview:-1\" \/>\n<link rel=\"canonical\" href=\"https:\/\/integragen.com\/en\/a-propos-de-nous\/notre-equipe-dirigeante\/\" \/>\n<meta property=\"og:locale\" content=\"en_US\" \/>\n<meta property=\"og:type\" content=\"article\" \/>\n<meta property=\"og:title\" content=\"Notre Equipe Dirigeante &#8211; IntegraGen\" \/>\n<meta property=\"og:description\" content=\"Notre Equipe Dirigeante Bernard Courtieu, Directeur G\u00e9n\u00e9ral Virginie de Coster,&nbsp;Directrice Financi\u00e8re B\u00e9reng\u00e8re G\u00e9nin, Directrice des Op\u00e9rations C\u00e9line Cap\u00e9ra, Responsable des Ventes S\u00e9verine Martin-Lanner\u00e9e,&nbsp;&nbsp;Directrice du D\u00e9partement QA B\u00e9atrice Cosperec, Responsable Juridique\" \/>\n<meta property=\"og:url\" content=\"https:\/\/integragen.com\/en\/a-propos-de-nous\/notre-equipe-dirigeante\/\" \/>\n<meta property=\"og:site_name\" content=\"IntegraGen\" \/>\n<meta property=\"article:modified_time\" content=\"2024-09-04T13:37:30+00:00\" \/>\n<meta property=\"og:image\" content=\"https:\/\/negargetni.com\/wp-content\/uploads\/2024\/07\/Image1.jpg\" \/>\n<meta name=\"twitter:card\" content=\"summary_large_image\" \/>\n<script type=\"application\/ld+json\" class=\"yoast-schema-graph\">{\"@context\":\"https:\\\/\\\/schema.org\",\"@graph\":[{\"@type\":\"WebPage\",\"@id\":\"https:\\\/\\\/integragen.com\\\/a-propos-de-nous\\\/notre-equipe-dirigeante\\\/\",\"url\":\"https:\\\/\\\/integragen.com\\\/a-propos-de-nous\\\/notre-equipe-dirigeante\\\/\",\"name\":\"Notre Equipe Dirigeante &#8211; IntegraGen\",\"isPartOf\":{\"@id\":\"https:\\\/\\\/integragen.com\\\/#website\"},\"primaryImageOfPage\":{\"@id\":\"https:\\\/\\\/integragen.com\\\/a-propos-de-nous\\\/notre-equipe-dirigeante\\\/#primaryimage\"},\"image\":{\"@id\":\"https:\\\/\\\/integragen.com\\\/a-propos-de-nous\\\/notre-equipe-dirigeante\\\/#primaryimage\"},\"thumbnailUrl\":\"https:\\\/\\\/negargetni.com\\\/wp-content\\\/uploads\\\/2024\\\/07\\\/Image1.jpg\",\"datePublished\":\"2024-07-24T11:37:53+00:00\",\"dateModified\":\"2024-09-04T13:37:30+00:00\",\"breadcrumb\":{\"@id\":\"https:\\\/\\\/integragen.com\\\/a-propos-de-nous\\\/notre-equipe-dirigeante\\\/#breadcrumb\"},\"inLanguage\":\"en-US\",\"potentialAction\":[{\"@type\":\"ReadAction\",\"target\":[\"https:\\\/\\\/integragen.com\\\/a-propos-de-nous\\\/notre-equipe-dirigeante\\\/\"]}]},{\"@type\":\"ImageObject\",\"inLanguage\":\"en-US\",\"@id\":\"https:\\\/\\\/integragen.com\\\/a-propos-de-nous\\\/notre-equipe-dirigeante\\\/#primaryimage\",\"url\":\"https:\\\/\\\/negargetni.com\\\/wp-content\\\/uploads\\\/2024\\\/07\\\/Image1.jpg\",\"contentUrl\":\"https:\\\/\\\/negargetni.com\\\/wp-content\\\/uploads\\\/2024\\\/07\\\/Image1.jpg\"},{\"@type\":\"BreadcrumbList\",\"@id\":\"https:\\\/\\\/integragen.com\\\/a-propos-de-nous\\\/notre-equipe-dirigeante\\\/#breadcrumb\",\"itemListElement\":[{\"@type\":\"ListItem\",\"position\":1,\"name\":\"Accueil\",\"item\":\"https:\\\/\\\/integragen.com\\\/\"},{\"@type\":\"ListItem\",\"position\":2,\"name\":\"\u00c0 Propos de Nous\",\"item\":\"https:\\\/\\\/integragen.com\\\/a-propos-de-nous\\\/\"},{\"@type\":\"ListItem\",\"position\":3,\"name\":\"Notre Equipe Dirigeante\"}]},{\"@type\":\"WebSite\",\"@id\":\"https:\\\/\\\/integragen.com\\\/#website\",\"url\":\"https:\\\/\\\/integragen.com\\\/\",\"name\":\"IntegraGen - Clinical Genomic Experts\",\"description\":\"NGS Sequencing &amp; Bioinformatics for Pharma, Biotech &amp; CRO\",\"publisher\":{\"@id\":\"https:\\\/\\\/integragen.com\\\/#organization\"},\"alternateName\":\"IntegraGen\",\"potentialAction\":[{\"@type\":\"SearchAction\",\"target\":{\"@type\":\"EntryPoint\",\"urlTemplate\":\"https:\\\/\\\/integragen.com\\\/?s={search_term_string}\"},\"query-input\":{\"@type\":\"PropertyValueSpecification\",\"valueRequired\":true,\"valueName\":\"search_term_string\"}}],\"inLanguage\":\"en-US\"},{\"@type\":\"Organization\",\"@id\":\"https:\\\/\\\/integragen.com\\\/#organization\",\"name\":\"IntegraGen\",\"url\":\"https:\\\/\\\/integragen.com\\\/\",\"logo\":{\"@type\":\"ImageObject\",\"inLanguage\":\"en-US\",\"@id\":\"https:\\\/\\\/integragen.com\\\/#\\\/schema\\\/logo\\\/image\\\/\",\"url\":\"https:\\\/\\\/integragen.com\\\/wp-content\\\/uploads\\\/2024\\\/09\\\/Logo_IntegraGen_OncoDNA.png\",\"contentUrl\":\"https:\\\/\\\/integragen.com\\\/wp-content\\\/uploads\\\/2024\\\/09\\\/Logo_IntegraGen_OncoDNA.png\",\"width\":2478,\"height\":684,\"caption\":\"IntegraGen\"},\"image\":{\"@id\":\"https:\\\/\\\/integragen.com\\\/#\\\/schema\\\/logo\\\/image\\\/\"},\"sameAs\":[\"https:\\\/\\\/www.linkedin.com\\\/company\\\/integragen\\\/\"]}]}<\/script>\n<!-- \/ Yoast SEO plugin. -->","yoast_head_json":{"title":"Notre Equipe Dirigeante &#8211; IntegraGen","robots":{"index":"index","follow":"follow","max-snippet":"max-snippet:-1","max-image-preview":"max-image-preview:large","max-video-preview":"max-video-preview:-1"},"canonical":"https:\/\/integragen.com\/en\/a-propos-de-nous\/notre-equipe-dirigeante\/","og_locale":"en_US","og_type":"article","og_title":"Notre Equipe Dirigeante &#8211; IntegraGen","og_description":"Notre Equipe Dirigeante Bernard Courtieu, Directeur G\u00e9n\u00e9ral Virginie de Coster,&nbsp;Directrice Financi\u00e8re B\u00e9reng\u00e8re G\u00e9nin, Directrice des Op\u00e9rations C\u00e9line Cap\u00e9ra, Responsable des Ventes S\u00e9verine Martin-Lanner\u00e9e,&nbsp;&nbsp;Directrice du D\u00e9partement QA B\u00e9atrice Cosperec, Responsable Juridique","og_url":"https:\/\/integragen.com\/en\/a-propos-de-nous\/notre-equipe-dirigeante\/","og_site_name":"IntegraGen","article_modified_time":"2024-09-04T13:37:30+00:00","og_image":[{"url":"https:\/\/negargetni.com\/wp-content\/uploads\/2024\/07\/Image1.jpg","type":"","width":"","height":""}],"twitter_card":"summary_large_image","schema":{"@context":"https:\/\/schema.org","@graph":[{"@type":"WebPage","@id":"https:\/\/integragen.com\/a-propos-de-nous\/notre-equipe-dirigeante\/","url":"https:\/\/integragen.com\/a-propos-de-nous\/notre-equipe-dirigeante\/","name":"Notre Equipe Dirigeante &#8211; IntegraGen","isPartOf":{"@id":"https:\/\/integragen.com\/#website"},"primaryImageOfPage":{"@id":"https:\/\/integragen.com\/a-propos-de-nous\/notre-equipe-dirigeante\/#primaryimage"},"image":{"@id":"https:\/\/integragen.com\/a-propos-de-nous\/notre-equipe-dirigeante\/#primaryimage"},"thumbnailUrl":"https:\/\/negargetni.com\/wp-content\/uploads\/2024\/07\/Image1.jpg","datePublished":"2024-07-24T11:37:53+00:00","dateModified":"2024-09-04T13:37:30+00:00","breadcrumb":{"@id":"https:\/\/integragen.com\/a-propos-de-nous\/notre-equipe-dirigeante\/#breadcrumb"},"inLanguage":"en-US","potentialAction":[{"@type":"ReadAction","target":["https:\/\/integragen.com\/a-propos-de-nous\/notre-equipe-dirigeante\/"]}]},{"@type":"ImageObject","inLanguage":"en-US","@id":"https:\/\/integragen.com\/a-propos-de-nous\/notre-equipe-dirigeante\/#primaryimage","url":"https:\/\/negargetni.com\/wp-content\/uploads\/2024\/07\/Image1.jpg","contentUrl":"https:\/\/negargetni.com\/wp-content\/uploads\/2024\/07\/Image1.jpg"},{"@type":"BreadcrumbList","@id":"https:\/\/integragen.com\/a-propos-de-nous\/notre-equipe-dirigeante\/#breadcrumb","itemListElement":[{"@type":"ListItem","position":1,"name":"Accueil","item":"https:\/\/integragen.com\/"},{"@type":"ListItem","position":2,"name":"\u00c0 Propos de Nous","item":"https:\/\/integragen.com\/a-propos-de-nous\/"},{"@type":"ListItem","position":3,"name":"Notre Equipe Dirigeante"}]},{"@type":"WebSite","@id":"https:\/\/integragen.com\/#website","url":"https:\/\/integragen.com\/","name":"IntegraGen - Clinical Genomic Experts","description":"NGS Sequencing &amp; Bioinformatics for Pharma, Biotech &amp; CROs","publisher":{"@id":"https:\/\/integragen.com\/#organization"},"alternateName":"IntegraGen","potentialAction":[{"@type":"SearchAction","target":{"@type":"EntryPoint","urlTemplate":"https:\/\/integragen.com\/?s={search_term_string}"},"query-input":{"@type":"PropertyValueSpecification","valueRequired":true,"valueName":"search_term_string"}}],"inLanguage":"en-US"},{"@type":"Organization","@id":"https:\/\/integragen.com\/#organization","name":"IntegraGen","url":"https:\/\/integragen.com\/","logo":{"@type":"ImageObject","inLanguage":"en-US","@id":"https:\/\/integragen.com\/#\/schema\/logo\/image\/","url":"https:\/\/integragen.com\/wp-content\/uploads\/2024\/09\/Logo_IntegraGen_OncoDNA.png","contentUrl":"https:\/\/integragen.com\/wp-content\/uploads\/2024\/09\/Logo_IntegraGen_OncoDNA.png","width":2478,"height":684,"caption":"IntegraGen"},"image":{"@id":"https:\/\/integragen.com\/#\/schema\/logo\/image\/"},"sameAs":["https:\/\/www.linkedin.com\/company\/integragen\/"]}]}},"_links":{"self":[{"href":"https:\/\/integragen.com\/en\/wp-json\/wp\/v2\/pages\/912","targetHints":{"allow":["GET"]}}],"collection":[{"href":"https:\/\/integragen.com\/en\/wp-json\/wp\/v2\/pages"}],"about":[{"href":"https:\/\/integragen.com\/en\/wp-json\/wp\/v2\/types\/page"}],"author":[{"embeddable":true,"href":"https:\/\/integragen.com\/en\/wp-json\/wp\/v2\/users\/1"}],"replies":[{"embeddable":true,"href":"https:\/\/integragen.com\/en\/wp-json\/wp\/v2\/comments?post=912"}],"version-history":[{"count":8,"href":"https:\/\/integragen.com\/en\/wp-json\/wp\/v2\/pages\/912\/revisions"}],"predecessor-version":[{"id":2831,"href":"https:\/\/integragen.com\/en\/wp-json\/wp\/v2\/pages\/912\/revisions\/2831"}],"up":[{"embeddable":true,"href":"https:\/\/integragen.com\/en\/wp-json\/wp\/v2\/pages\/28"}],"wp:attachment":[{"href":"https:\/\/integragen.com\/en\/wp-json\/wp\/v2\/media?parent=912"}],"curies":[{"name":"wp","href":"https:\/\/api.w.org\/{rel}","templated":true}]}}